{"id":2366,"date":"2020-06-15T09:49:43","date_gmt":"2020-06-15T07:49:43","guid":{"rendered":"http:\/\/internoverde.it\/?page_id=2366"},"modified":"2026-04-20T16:26:21","modified_gmt":"2026-04-20T14:26:21","slug":"staff","status":"publish","type":"page","link":"https:\/\/internoverde.it\/eng\/staff\/","title":{"rendered":"Staff"},"content":{"rendered":"<p>[et_pb_section fb_built=&#8221;1&#8243; fullwidth=&#8221;on&#8221; _builder_version=&#8221;4.20.2&#8243; _module_preset=&#8221;default&#8221; background_enable_image=&#8221;off&#8221; global_colors_info=&#8221;{}&#8221;][et_pb_fullwidth_image src=&#8221;https:\/\/internoverde.it\/wp-content\/uploads\/2026\/03\/IV2026SITO_banner-STAFF-1.webp&#8221; src_tablet=&#8221;https:\/\/internoverde.it\/wp-content\/uploads\/2026\/03\/IV2026SITO_banner-STAFF-1.webp&#8221; src_phone=&#8221;https:\/\/internoverde.it\/wp-content\/uploads\/2026\/03\/IV2026SITO_banner-STAFF-1.webp&#8221; src_last_edited=&#8221;on|tablet&#8221; _builder_version=&#8221;4.27.6&#8243; _module_preset=&#8221;default&#8221; custom_padding=&#8221;||||false|false&#8221; global_colors_info=&#8221;{}&#8221;][\/et_pb_fullwidth_image][\/et_pb_section][et_pb_section fb_built=&#8221;1&#8243; _builder_version=&#8221;4.16&#8243; background_color=&#8221;#f2f2f2&#8243; background_enable_image=&#8221;off&#8221; background_size=&#8221;contain&#8221; background_position=&#8221;bottom_left&#8221; custom_margin=&#8221;-41px|||||&#8221; custom_padding=&#8221;0px||0px||false|false&#8221; locked=&#8221;off&#8221; global_colors_info=&#8221;{}&#8221;][et_pb_row column_structure=&#8221;1_2,1_2&#8243; use_custom_gutter=&#8221;on&#8221; gutter_width=&#8221;2&#8243; make_equal=&#8221;on&#8221; _builder_version=&#8221;4.16&#8243; width_tablet=&#8221;70%&#8221; width_phone=&#8221;80%&#8221; width_last_edited=&#8221;on|tablet&#8221; custom_margin=&#8221;40px||||false|false&#8221; custom_padding=&#8221;34px||||false|false&#8221; global_colors_info=&#8221;{}&#8221;][et_pb_column type=&#8221;1_2&#8243; _builder_version=&#8221;4.16&#8243; global_colors_info=&#8221;{}&#8221;][et_pb_code _builder_version=&#8221;4.27.5&#8243; _module_preset=&#8221;default&#8221; hover_enabled=&#8221;0&#8243; global_colors_info=&#8221;{}&#8221; sticky_enabled=&#8221;0&#8243;]<iframe loading=\"lazy\" src=\"https:\/\/docs.google.com\/forms\/d\/e\/1FAIpQLSdhg6qxevpJKEn6nWtRqxTZi7tnX7P016UUyItFFzFMdsIlbQ\/viewform?embedded=true\" width=\"640\" height=\"920\" frameborder=\"0\" marginheight=\"0\" marginwidth=\"0\">Caricamento\u2026<\/iframe>[\/et_pb_code][et_pb_text disabled_on=&#8221;on|on|on&#8221; _builder_version=&#8221;4.27.4&#8243; _module_preset=&#8221;default&#8221; text_font_size_tablet=&#8221;&#8221; text_font_size_phone=&#8221;15px&#8221; text_font_size_last_edited=&#8221;on|phone&#8221; disabled=&#8221;on&#8221; global_colors_info=&#8221;{}&#8221;]<\/p>\n<p style=\"text-align: center;\">Se non visualizzi il modulo, utilizza questo <a href=\"https:\/\/forms.gle\/myTGsRo9kK1JAAU1A\" target=\"_blank\" rel=\"noopener\">link<\/a><\/p>\n<p>[\/et_pb_text][\/et_pb_column][et_pb_column type=&#8221;1_2&#8243; _builder_version=&#8221;4.16&#8243; global_colors_info=&#8221;{}&#8221;][et_pb_text content_tablet=&#8221;<\/p>\n<p>Interno Verde \u00e8 felice di coinvolgere nell&#8217;organizzazione del festival tutte le ragazze e i ragazzi interessati a conoscere e a far conoscere pi\u00f9 da vicino, da una prospettiva inedita e originale, la natura che cresce tra le strade e i palazzi delle citt\u00e0 di Ferrara, Piacenza, Vicenza e Verona.<\/p>\n<p>&#8221; content_phone=&#8221;<\/p>\n<p>Interno Verde \u00e8 felice di coinvolgere nell&#8217;organizzazione del festival tutte le ragazze e i ragazzi interessati a conoscere e a far conoscere pi\u00f9 da vicino, da una prospettiva inedita e originale, la natura che cresce tra le strade e i palazzi delle citt\u00e0 di Ferrara, Piacenza, Vicenza e Verona.<\/p>\n<p>&#8221; content_last_edited=&#8221;on|phone&#8221; _builder_version=&#8221;4.27.6&#8243; text_orientation=&#8221;justified&#8221; text_font_size_tablet=&#8221;&#8221; text_font_size_phone=&#8221;15px&#8221; text_font_size_last_edited=&#8221;on|phone&#8221; text_text_align=&#8221;justify&#8221; locked=&#8221;off&#8221; global_colors_info=&#8221;{}&#8221;]<\/p>\n<p>Interno Verde \u00e8 felice di coinvolgere nell&#8217;organizzazione del festival tutte le ragazze e i ragazzi interessati a conoscere e a far conoscere pi\u00f9 da vicino, da una prospettiva inedita e originale, la natura che cresce tra le strade e i palazzi delle citt\u00e0 di Piacenza, Verona e Mantova.<\/p>\n<p>[\/et_pb_text][et_pb_text content_tablet=&#8221;<\/p>\n<h4>Come posso candidarmi volontario?<\/h4>\n<p>&#8221; content_phone=&#8221;<\/p>\n<h4>Come posso candidarmi volontario?<\/h4>\n<p>&#8221; content_last_edited=&#8221;off|phone&#8221; _builder_version=&#8221;4.27.6&#8243; _module_preset=&#8221;14b730d2-f4bc-462c-ae22-d72835370b59&#8243; header_3_text_color=&#8221;#dd0000&#8243; header_4_font=&#8221;unbaunded||||||||&#8221; header_4_font_size=&#8221;20px&#8221; custom_margin=&#8221;30px||0px||false|false&#8221; custom_padding=&#8221;||0px||false|false&#8221; header_4_font_size_tablet=&#8221;20px&#8221; header_4_font_size_phone=&#8221;16px&#8221; header_4_font_size_last_edited=&#8221;on|phone&#8221; header_4_line_height_tablet=&#8221;&#8221; header_4_line_height_phone=&#8221;1.2em&#8221; header_4_line_height_last_edited=&#8221;on|phone&#8221; text_text_align=&#8221;justify&#8221; locked=&#8221;off&#8221; global_colors_info=&#8221;{}&#8221;]<\/p>\n<h4 style=\"text-align: left;\">Come posso candidarmi volontario?<\/h4>\n<p>[\/et_pb_text][et_pb_text _builder_version=&#8221;4.27.6&#8243; text_orientation=&#8221;justified&#8221; text_font_size_tablet=&#8221;&#8221; text_font_size_phone=&#8221;15px&#8221; text_font_size_last_edited=&#8221;on|phone&#8221; text_text_align=&#8221;justify&#8221; locked=&#8221;off&#8221; global_colors_info=&#8221;{}&#8221;]<\/p>\n<p>Per candidarsi basta compilare il modulo che si trova su questa pagina.<\/p>\n<p>[\/et_pb_text][et_pb_text content_tablet=&#8221;<\/p>\n<h4>Quale sar\u00e0 il mio ruolo durante il festival?<\/h4>\n<p>&#8221; content_phone=&#8221;<\/p>\n<h4>Quale sar\u00e0 il mio ruolo durante il festival?<\/h4>\n<p>&#8221; content_last_edited=&#8221;off|desktop&#8221; _builder_version=&#8221;4.27.4&#8243; _module_preset=&#8221;14b730d2-f4bc-462c-ae22-d72835370b59&#8243; header_3_text_color=&#8221;#dd0000&#8243; header_4_font=&#8221;unbaunded||||||||&#8221; header_4_font_size=&#8221;20px&#8221; custom_margin=&#8221;30px||0px||false|false&#8221; custom_padding=&#8221;||0px||false|false&#8221; header_4_font_size_tablet=&#8221;20px&#8221; header_4_font_size_phone=&#8221;16px&#8221; header_4_font_size_last_edited=&#8221;on|phone&#8221; header_4_line_height_tablet=&#8221;&#8221; header_4_line_height_phone=&#8221;1.2em&#8221; header_4_line_height_last_edited=&#8221;on|phone&#8221; text_text_align=&#8221;justify&#8221; locked=&#8221;off&#8221; global_colors_info=&#8221;{}&#8221;]<\/p>\n<h4 style=\"text-align: left;\">Quale sar\u00e0 il mio ruolo durante il festival?<\/h4>\n<p>[\/et_pb_text][et_pb_text _builder_version=&#8221;4.27.4&#8243; text_orientation=&#8221;justified&#8221; text_font_size_tablet=&#8221;&#8221; text_font_size_phone=&#8221;15px&#8221; text_font_size_last_edited=&#8221;on|phone&#8221; text_text_align=&#8221;justify&#8221; locked=&#8221;off&#8221; global_colors_info=&#8221;{}&#8221;]<\/p>\n<p>Ad ogni volontario verr\u00e0 assegnato un giardino, nel quale dovr\u00e0:<\/p>\n<ul>\n<li>controllare gli accessi affinch\u00e9 entrino solo le persone iscritte al festival e in numero proporzionato allo spazio;<\/li>\n<li>fornire informazioni di carattere botanico, storico e architettonico ai visitatori (non servono competenze specifiche o studi pregressi, le descrizioni dei luoghi saranno precedentemente inviate via mail).<\/li>\n<\/ul>\n<p>[\/et_pb_text][et_pb_text content_tablet=&#8221;<\/p>\n<h4>Ma sar\u00f2 da solo?<\/h4>\n<p>&#8221; content_phone=&#8221;<\/p>\n<h4>Ma sar\u00f2 da solo?<\/h4>\n<p>&#8221; content_last_edited=&#8221;on|phone&#8221; _builder_version=&#8221;4.24.2&#8243; _module_preset=&#8221;14b730d2-f4bc-462c-ae22-d72835370b59&#8243; header_font=&#8221;||||||||&#8221; header_3_text_color=&#8221;#dd0000&#8243; header_4_font=&#8221;unbaunded||||||||&#8221; header_4_font_size=&#8221;20px&#8221; custom_margin=&#8221;30px||0px||false|false&#8221; custom_padding=&#8221;||0px||false|false&#8221; header_4_font_size_tablet=&#8221;20px&#8221; header_4_font_size_phone=&#8221;16px&#8221; header_4_font_size_last_edited=&#8221;on|phone&#8221; header_4_line_height_tablet=&#8221;&#8221; header_4_line_height_phone=&#8221;1.2em&#8221; header_4_line_height_last_edited=&#8221;on|phone&#8221; text_text_align=&#8221;justify&#8221; locked=&#8221;off&#8221; global_colors_info=&#8221;{}&#8221;]<\/p>\n<h4>Ma sar\u00f2 da solo?<\/h4>\n<p>[\/et_pb_text][et_pb_text _builder_version=&#8221;4.27.4&#8243; text_orientation=&#8221;justified&#8221; text_font_size_tablet=&#8221;&#8221; text_font_size_phone=&#8221;15px&#8221; text_font_size_last_edited=&#8221;on|phone&#8221; text_text_align=&#8221;justify&#8221; locked=&#8221;off&#8221; global_colors_info=&#8221;{}&#8221;]<\/p>\n<p>No, in ogni giardino ci saranno dai 2 ai 6 volontari, che si alterneranno tra il controllo degli ingressi e dello spazio interno.<\/p>\n<p>[\/et_pb_text][et_pb_text content_tablet=&#8221;<\/p>\n<h4>Quanto tempo mi impegner\u00e0?<\/h4>\n<p>&#8221; content_phone=&#8221;<\/p>\n<h4>Quanto tempo mi impegner\u00e0?<\/h4>\n<p>&#8221; content_last_edited=&#8221;on|phone&#8221; _builder_version=&#8221;4.24.2&#8243; _module_preset=&#8221;14b730d2-f4bc-462c-ae22-d72835370b59&#8243; header_3_text_color=&#8221;#dd0000&#8243; header_4_font=&#8221;unbaunded||||||||&#8221; header_4_font_size=&#8221;20px&#8221; custom_margin=&#8221;30px||0px||false|false&#8221; custom_padding=&#8221;||0px||false|false&#8221; header_4_font_size_tablet=&#8221;20px&#8221; header_4_font_size_phone=&#8221;16px&#8221; header_4_font_size_last_edited=&#8221;on|phone&#8221; header_4_line_height_tablet=&#8221;&#8221; header_4_line_height_phone=&#8221;1.2em&#8221; header_4_line_height_last_edited=&#8221;on|phone&#8221; text_text_align=&#8221;justify&#8221; locked=&#8221;off&#8221; global_colors_info=&#8221;{}&#8221;]<\/p>\n<h4>Quanto tempo mi impegner\u00e0?<\/h4>\n<p>[\/et_pb_text][et_pb_text _builder_version=&#8221;4.27.4&#8243; text_orientation=&#8221;justified&#8221; text_font_size_tablet=&#8221;&#8221; text_font_size_phone=&#8221;15px&#8221; text_font_size_last_edited=&#8221;on|phone&#8221; text_text_align=&#8221;justify&#8221; locked=&#8221;off&#8221; global_colors_info=&#8221;{}&#8221;]<\/p>\n<p><span>I volontari saranno presenti in entrambe le giornate del festival. Gli orari di apertura al pubblico dei giardini sono: dalle 10 alle 13 e dalle 15 alle 19. Ai volontari \u00e8 chiesto di presentarsi mezz&#8217;ora prima dell&#8217;apertura al pubblico ed essere disponibili la sera fino a mezz&#8217;ora dopo la chiusura. Durante le due ore della pausa pranzo chi vuole pu\u00f2 ovviamente andare a casa (o dove preferisce), per chi ha piacere di passare del tempo in compagnia il festival organizzer\u00e0 un picnic (con proposte adatte a tutti i gusti).\u00a0<\/span><\/p>\n<p>[\/et_pb_text][et_pb_text content_tablet=&#8221;<\/p>\n<h4>Il volontario \u00e8 retribuito?<\/h4>\n<p>&#8221; content_phone=&#8221;<\/p>\n<h4>Il volontario \u00e8 retribuito?<\/h4>\n<p>&#8221; content_last_edited=&#8221;on|phone&#8221; _builder_version=&#8221;4.24.2&#8243; _module_preset=&#8221;14b730d2-f4bc-462c-ae22-d72835370b59&#8243; header_3_text_color=&#8221;#dd0000&#8243; header_4_font=&#8221;unbaunded||||||||&#8221; header_4_font_size=&#8221;20px&#8221; custom_margin=&#8221;30px||0px||false|false&#8221; custom_padding=&#8221;||0px||false|false&#8221; header_4_font_size_tablet=&#8221;20px&#8221; header_4_font_size_phone=&#8221;16px&#8221; header_4_font_size_last_edited=&#8221;on|phone&#8221; header_4_line_height_tablet=&#8221;&#8221; header_4_line_height_phone=&#8221;1.2em&#8221; header_4_line_height_last_edited=&#8221;on|phone&#8221; text_text_align=&#8221;justify&#8221; locked=&#8221;off&#8221; global_colors_info=&#8221;{}&#8221;]<\/p>\n<h4>Il volontario \u00e8 retribuito?<\/h4>\n<p>[\/et_pb_text][et_pb_text _builder_version=&#8221;4.27.4&#8243; text_orientation=&#8221;justified&#8221; text_font_size_tablet=&#8221;&#8221; text_font_size_phone=&#8221;15px&#8221; text_font_size_last_edited=&#8221;on|phone&#8221; text_text_align=&#8221;justify&#8221; locked=&#8221;off&#8221; global_colors_info=&#8221;{}&#8221;]<\/p>\n<p><span>Se fosse retribuito non sarebbe volontario. Partecipare attivamente a Interno Verde significa impegnare un po\u2019 di tempo e di energia per la citt\u00e0. Il festival per ringraziare tutte le ragazze e i ragazzi che contribuiranno all&#8217;evento proporr\u00e0 una gita per visitare i giardini aperti nelle altre citt\u00e0. La copertura assicurativa \u00e8 ovviamente garantita.<\/span><\/p>\n<p>[\/et_pb_text][et_pb_text content_tablet=&#8221;<\/p>\n<h4>Sono previsti incontri di formazione?<\/h4>\n<p>&#8221; content_phone=&#8221;<\/p>\n<h4>Sono previsti incontri di formazione?<\/h4>\n<p>&#8221; content_last_edited=&#8221;off|phone&#8221; _builder_version=&#8221;4.27.4&#8243; _module_preset=&#8221;14b730d2-f4bc-462c-ae22-d72835370b59&#8243; header_3_text_color=&#8221;#dd0000&#8243; header_4_font=&#8221;unbaunded||||||||&#8221; header_4_font_size=&#8221;20px&#8221; custom_margin=&#8221;30px||0px||false|false&#8221; custom_padding=&#8221;||0px||false|false&#8221; header_4_font_size_tablet=&#8221;20px&#8221; header_4_font_size_phone=&#8221;16px&#8221; header_4_font_size_last_edited=&#8221;on|phone&#8221; header_4_line_height_tablet=&#8221;&#8221; header_4_line_height_phone=&#8221;1.2em&#8221; header_4_line_height_last_edited=&#8221;on|phone&#8221; text_text_align=&#8221;justify&#8221; locked=&#8221;off&#8221; global_colors_info=&#8221;{}&#8221;]<\/p>\n<h4 style=\"text-align: left;\">Sono previsti incontri di formazione?<\/h4>\n<p>[\/et_pb_text][et_pb_text _builder_version=&#8221;4.27.4&#8243; text_orientation=&#8221;justified&#8221; text_font_size_tablet=&#8221;&#8221; text_font_size_phone=&#8221;15px&#8221; text_font_size_last_edited=&#8221;on|phone&#8221; text_text_align=&#8221;justify&#8221; locked=&#8221;off&#8221; global_colors_info=&#8221;{}&#8221;]<\/p>\n<p><span>Nella settimana che precede l\u2019evento si terr\u00e0 l\u2019incontro di formazione.\u00a0<\/span><span>Sono inoltre previsti incontri informali, la cui partecipazione \u00e8 libera, per chi avesse\u00a0<\/span><span>piacere di<\/span><span>\u00a0collaborare pi\u00f9 attivamente all&#8217;organizzazione del festival.<\/span><\/p>\n<p>[\/et_pb_text][et_pb_text content_tablet=&#8221;<\/p>\n<h4>Se avessi ancora qualche dubbio?<\/h4>\n<p>&#8221; content_phone=&#8221;<\/p>\n<h4>Se avessi ancora qualche dubbio?<\/h4>\n<p>&#8221; content_last_edited=&#8221;off|phone&#8221; _builder_version=&#8221;4.27.4&#8243; _module_preset=&#8221;14b730d2-f4bc-462c-ae22-d72835370b59&#8243; header_3_text_color=&#8221;#dd0000&#8243; header_4_font=&#8221;unbaunded||||||||&#8221; header_4_font_size=&#8221;20px&#8221; custom_margin=&#8221;30px||0px||false|false&#8221; custom_padding=&#8221;||0px||false|false&#8221; header_4_font_size_tablet=&#8221;20px&#8221; header_4_font_size_phone=&#8221;16px&#8221; header_4_font_size_last_edited=&#8221;on|phone&#8221; header_4_line_height_tablet=&#8221;&#8221; header_4_line_height_phone=&#8221;1.2em&#8221; header_4_line_height_last_edited=&#8221;on|phone&#8221; text_text_align=&#8221;justify&#8221; locked=&#8221;off&#8221; global_colors_info=&#8221;{}&#8221;]<\/p>\n<h4 style=\"text-align: left;\">Se avessi ancora qualche dubbio?<\/h4>\n<p>[\/et_pb_text][et_pb_text content_phone=&#8221;<\/p>\n<p>Per qualsiasi dubbio o necessit\u00e0 si pu\u00f2 scrivere a: staff@internoverde.it<\/p>\n<p>Oppure telefonare a Giacomo, il responsabile staff, al: 349 3863118<\/p>\n<p>&#8221; content_last_edited=&#8221;off|desktop&#8221; _builder_version=&#8221;4.27.4&#8243; text_orientation=&#8221;justified&#8221; text_font_size_tablet=&#8221;&#8221; text_font_size_phone=&#8221;15px&#8221; text_font_size_last_edited=&#8221;on|phone&#8221; text_text_align=&#8221;justify&#8221; locked=&#8221;off&#8221; global_colors_info=&#8221;{}&#8221;]<\/p>\n<p>Per qualsiasi dubbio o necessit\u00e0 si pu\u00f2 scrivere a: <a href=\"mailto:ferrarastaff@internoverde.it\">staff@internoverde.it<\/a><\/p>\n<p>Oppure telefonare a Giacomo, il responsabile staff, al: 349 3863118<\/p>\n<p>[\/et_pb_text][\/et_pb_column][\/et_pb_row][\/et_pb_section]<\/p>\n","protected":false},"excerpt":{"rendered":"<p>Candidature volontari per il Festival Interno Verde. Vuoi amare un giardino?<\/p>","protected":false},"author":1,"featured_media":30130,"parent":0,"menu_order":0,"comment_status":"closed","ping_status":"closed","template":"","meta":{"_et_pb_use_builder":"on","_et_pb_old_content":"","_et_gb_content_width":"","footnotes":""},"class_list":["post-2366","page","type-page","status-publish","has-post-thumbnail","hentry"],"aioseo_notices":[],"_links":{"self":[{"href":"https:\/\/internoverde.it\/eng\/wp-json\/wp\/v2\/pages\/2366","targetHints":{"allow":["GET"]}}],"collection":[{"href":"https:\/\/internoverde.it\/eng\/wp-json\/wp\/v2\/pages"}],"about":[{"href":"https:\/\/internoverde.it\/eng\/wp-json\/wp\/v2\/types\/page"}],"author":[{"embeddable":true,"href":"https:\/\/internoverde.it\/eng\/wp-json\/wp\/v2\/users\/1"}],"replies":[{"embeddable":true,"href":"https:\/\/internoverde.it\/eng\/wp-json\/wp\/v2\/comments?post=2366"}],"version-history":[{"count":88,"href":"https:\/\/internoverde.it\/eng\/wp-json\/wp\/v2\/pages\/2366\/revisions"}],"predecessor-version":[{"id":30795,"href":"https:\/\/internoverde.it\/eng\/wp-json\/wp\/v2\/pages\/2366\/revisions\/30795"}],"wp:featuredmedia":[{"embeddable":true,"href":"https:\/\/internoverde.it\/eng\/wp-json\/wp\/v2\/media\/30130"}],"wp:attachment":[{"href":"https:\/\/internoverde.it\/eng\/wp-json\/wp\/v2\/media?parent=2366"}],"curies":[{"name":"wp","href":"https:\/\/api.w.org\/{rel}","templated":true}]}}